{"id":569,"date":"2018-05-18T01:13:00","date_gmt":"2018-05-17T23:13:00","guid":{"rendered":"http:\/\/epistemicviolence.aau.at\/?page_id=569"},"modified":"2023-12-05T00:46:32","modified_gmt":"2023-12-04T23:46:32","slug":"presentations","status":"publish","type":"page","link":"https:\/\/epistemicviolence.aau.at\/index.php\/en\/presentations\/","title":{"rendered":"Lectures &#038; Presentations"},"content":{"rendered":"<p><strong>Presentations and lectures held within the framework of the project Theorizing Epistemic Violence since 2015<\/strong><\/p>\n<p><strong>2023<\/strong><\/p>\n<p>Feminist Concepts of Epistemic (and other) Violence, talk in the inter-disciplinary and inter-universitary online lecture series Power, Violence and the Sciences\/Academia\u2018 (23 November 2023)<\/p>\n<p>Why We Shall Talk, Think and Feel War. Epistemic Violence as a Mode of Rule in Colonial Modernity, Opening Remarks\u00a0 given [in German] at the Pastors&#8217; Conference of the Evangelical Churches, Rust (28 August 2023)<\/p>\n<p>Knowledge\/Science and (Freedom from)Violence. Conceptions of Epistemic Violence at the Intersection of Critical Social Sciences, Cultural Studies and Humanities, presentation [given in German] at the Workshop <a href=\"https:\/\/www.ucf.uni-freiburg.de\/people\/chair-in-epistemology-and-theory-of-science\/workshop-wie-weiter-mit-der-politischen-epistemologie-1-und-2-juni-2023\" target=\"_blank\" rel=\"noopener\">\u201aHow to Proceed with Political Epistemology&#8217;,<\/a> University of Freiburg\/Breisgau (1 June 2023)<\/p>\n<p>Epistemic Violence. Knowledge and Rule in Colonial Modernity, presentation [in German] within the framework of the Interdisciplinary Colloquium \u201a<a href=\"https:\/\/www.ucf.uni-freiburg.de\/people\/chair-in-epistemology-and-theory-of-science\/workshop-wie-weiter-mit-der-politischen-epistemologie-1-und-2-juni-2023\" target=\"_blank\" rel=\"noopener\">Talking about Grief and Injustice<\/a>&#8216;, University of Flensburg (30 May 2023)<\/p>\n<p>(Epistemic) Violence in Peace and Conflict Studies, contribution [in German] to the roundtable at the <a href=\"https:\/\/afk-web.de\/cms\/wp-content\/uploads\/2023\/03\/AFK-Kolloquium_Programm-6.pdf\" target=\"_blank\" rel=\"noopener\">Annual Conference of the German Association for Peace and Conflict Studies<\/a>, Berlin (30 March 2023)<\/p>\n<p>Science and (Freedom from)Violence Under Scrutiny, lecture given [in German] at the Workshop \u201aReligion and Epistemic Crises\u2018, University of Hamburg (21 March 2023)<\/p>\n<p>Imagine, It&#8217;s war &#8211; and Nobody Shows Up&#8230; Observations on the Militarization of the Present, <a href=\"https:\/\/www.facebook.com\/events\/1302058443702841\/?ref=newsfeed\" target=\"_blank\" rel=\"noopener\">KP\u00d6 Education Center<\/a>, Graz (28 February 2023)<\/p>\n<p>Feminist Peace Work and Epistemic Violence. Challenges in Theory and Practice, lecture given [in German] at the Feminist Education Association Frauenhetz, Vienna (16 February 2023)<\/p>\n<p><strong>2022<\/strong><\/p>\n<p>Education &#8211; A Site of Epistemic (and Other) Violence?, lecture [in German] within the framework of the lecture series &#8216;<a href=\"https:\/\/www.aau.at\/blog\/online-ringvorlesung-no-war-bildung-als-praxis-des-friedens\/\" target=\"_blank\" rel=\"noopener\">No War. Education as a Practice of Peace<\/a>&#8216;, online (19 December 2022)<\/p>\n<p>Discursive, Cognitive, Affective Militarization, contribution [in German] to the panel discussion titled &#8216;<a href=\"https:\/\/ri-kaernten.at\/veranstaltungen\/neutralitat-und-krieg\" target=\"_blank\" rel=\"noopener\">Neutrality and War<\/a>&#8216;, Renner Institute Carinthia, Klagenfurt (December 2022)<\/p>\n<p>Imagine, It&#8217;s war &#8211; and Nobody Shows Up&#8230;, lecture [given in German] at the Peace Enqu\u00eate &#8216;<a href=\"https:\/\/giffun.at\/\" target=\"_blank\" rel=\"noopener\">Active Neutrality and Peace Policy in Times of Global Wars<\/a>&#8216;, House of Literature Graz (December 2022)<\/p>\n<p>Knowledge and Rule in Colonial Modernity. Challenges for Critical (University) Education, lectures [given in German] at lecture hall occupations at the Universities of Vienna (November 2022) and Innsbruck (December 2022) within the framework of the initiative &#8216;<a href=\"https:\/\/erdebrennt.at\/\" target=\"_blank\" rel=\"noopener\">The Earth is Burning<\/a>&#8216;<\/p>\n<p>Gender Studies in\/for Peace and Conflict Research, lecture [in German] at the Institute for Peace Research and Security Policy, Hamburg (2 November 2022)<\/p>\n<p>Epistemic Violence. Why We Need to Rethink Our Understanding of Democracy, Knowledge and Power, lecture [in German] within the framework of the Carinthian Talks on Democracy Education, Chamber of Labour Carinthia, Klagenfurt, <a href=\"https:\/\/akkaernten.streamdiver.com\/ohn-macht-der-demokratie-kaerntner-gespraeche-zur-demokratiepolitischen-bildung-2022\/228\/\" target=\"_blank\" rel=\"noopener\">stream<\/a> (20 October 2022)<\/p>\n<p><span style=\"font-size: inherit;\">Epistemic Violence. Science and Rule in Colonial Modernity, lecture [in German] within the series \u201azu Besuch @ Cusanus Hochschule f\u00fcr Gesellschaftsgestaltung\u2018, Koblenz, <\/span><a style=\"font-size: inherit;\" href=\"https:\/\/www.cusanus-hochschule.de\/aktuelles\/neue-veranstaltungsreihe-zu-besuch-cusanus-hochschule-fuer-gesellschaftsgestaltung\/\" target=\"_blank\" rel=\"noopener\">public\/online<\/a> <span style=\"font-size: inherit;\">(16 February 2022)<\/span><\/p>\n<p><strong>2021<\/strong><\/p>\n<p>Which Peace, Whose Peace \u2013 Which Education, Whose Education? Paper [in German] presented at <a href=\"http:\/\/epistemicviolence.aau.at\/wp-content\/uploads\/2021\/11\/Einladung_3Jahres-Feier_online.pdf\" target=\"_blank\" rel=\"noopener\">panel<\/a> titled \u201aLaying Down Arms Through Education? Paths to a World of Human Rights&#8217; [in German], Bertha von Suttner Private University, St. P\u00f6lten (9 December 2021)<\/p>\n<p>Education \u2013 A Spot of Epistemic and Other Violence? Keynote [in German] at the Conference <a href=\"https:\/\/www.sfu.ac.at\/de\/event\/tagung-bildung-fuer-alle-alle-gebildet\/\" target=\"_blank\" rel=\"noopener\">\u2018Education for All \u2013 All Educated?\u2019<\/a> at the Interdisciplinary Research Center Islam and Muslims in Europe, Sigmund Freud University Vienna (19 November 2021)<\/p>\n<p>Epistemic Violence. What Knowledge\/Science Has to Do with Power, lecture given and workshop held [in German] within the framework of the Conference \u2018Knowledge in Crisis\u2019 at the Research Center \u2018<a href=\"https:\/\/www.uni-wuerzburg.de\/gsik\/gsik-startseite\/aktuelle-meldungen\/single\/news\/save-the-date-der-gsik-tag-2021\/\" target=\"_blank\" rel=\"noopener\">Global Systems and Intercultural Competence<\/a>\u2019, University of W\u00fcrzburg (13 November 2021)<\/p>\n<p>Peace Education in the Colonial Modernity, lecture given [in German] within the framework of the Experts Workshop \u201ePeace Education 2030\u2018, Berghof Foundation, T\u00fcbingen (21 September 2021)<\/p>\n<p>Intersectional Feminist Analyses of the Colonial Modernity as an Asset for Critical Peace and Conflict Research, lecture given [in German] at the Symposium &#8216;Reflexive Approaches of Socio-Political Conflict Management&#8217;, University of Augsburg (18 September 2021)<\/p>\n<p>Epistemic Violence \u2013 A Challenging and Rewarding Perspective for Peace and Conflict Studies, presentation [in German] within the framework of the seminar &#8216;Decolonizing Peace and Conflict Studies&#8217; (Susanne Buckley-Zistel) at the Center for Conflict Studies, University of Marburg (June 29, 2021)<\/p>\n<p>Thinking Further (Freedom from)Violence with Judith Butler and Gayatri Spivak, lecture and discussion [in German] with Lucia H\u00e4mmerle at <a href=\"https:\/\/sites.google.com\/view\/naechte-der-philosophinnen\/festival-2021\/gewaltfreiheit-weiter-denken\" target=\"_blank\" rel=\"noopener\">Philosophers&#8217; Nights<\/a>, Frauenhetz Education Center, Vienna (21 June 2021)<\/p>\n<p>Epistemic Violence. The Continuing Coloniality of Knowledge and Power as a Challenge for Psychology, lecture given [in German] within the framework of the series Violence and Discrimination in Psychology? at the Department for Psychology, University of Mainz (10 June 2021)<\/p>\n<p>Knowledge\/Science and (Freedom from)Violence. Terminology Work between Epistemology and Politics, lecture given [in German] at the Annual Meeting of Societas Feminarum in Iuris Theoria (SAFI), University of the Federal Armed Forces Hamburg (27 May 2021)<\/p>\n<p>Epistemic Sisterhood. Feminist Research as Peace and Conflict Research, statement [in German] within the framework of the Gender Research Workshop at the University Centre for Women&#8217;s Studies and Gender Studies, University of Klagenfurt (6 May 2021)<\/p>\n<p>Universit\u00e4tszentrum f\u00fcr Frauen* und Geschlechterstudien, Universit\u00e4t Klagenfurt (6. Mai 2021)<\/p>\n<p>Epistemic Violence and Intersectionality, lecture given [in German] within the framework of the course <a href=\"https:\/\/ufind.univie.ac.at\/de\/course.html?lv=240096&amp;semester=2021S\">Intersectionality. Intersectional and Transnational Perspectives<\/a>,\u00a0 Department of Development Studies, University of Vienna (27 April 2021)<\/p>\n<p>Making of: Didactic Considerations on an &#8216;Introduction to Peace and Conflict Research&#8217; between Description, Affirmation and Subversion, lecture given [in German] within the framework of the in-service training course <a href=\"https:\/\/www.uni-koblenz-landau.de\/de\/friedensakademie\/termine\/das-lehren-lernen-digital-termine\">Learning Teaching Digital<\/a>, Peace Academy Rheinland-Pfalz jointly with the German Association for Peace and Conflict Studies (22 March 2021)<\/p>\n<p style=\"font-weight: 400;\">Epistemic Violence: Tool and Challenge for Critical (Literary) Studies, lecture given [in German] within the framework of the <a href=\"https:\/\/www.geisteswissenschaften.fu-berlin.de\/we03\/institut\/termine\/2021-01-30_Szondi-Tag-2021.html\" target=\"_blank\" rel=\"noopener noreferrer\">Szondi Day<\/a> at the Peter Szondi Institute of Comparative Literature, Free University of Berlin (30 January 2021)<\/p>\n<p><strong>2020<\/strong><\/p>\n<p>Epistemic Violence. Knowledge and Power in the Colonial Modernity, Research Day of the Department of Educational Science and Research, Univeristy of Klagenfurt (25 November 2020)<\/p>\n<p>Knowledge, Power and Epistemic Violence in the Colonial Modernity, lecture given [in German] as part of the online lecture series <a href=\"https:\/\/ufind.univie.ac.at\/de\/course.html?lv=260068&amp;semester=2020W\" target=\"_blank\" rel=\"noopener noreferrer\">&#8216;The Responsibility of Insitutions of Higher Education. Armament Research and Perspectives on a Future without War&#8217;,<\/a> University of Vienna (11 November 2020)<\/p>\n<p>Epistemic Violence. Knowledge und Power in the Colonial Modernity, Book Launch and Discussion (with Aram Ziai and Manuela Boatc\u0103), <a href=\"http:\/\/www.frauensolidaritaet.org\/epistemische-gewalt\" target=\"_blank\" rel=\"noopener noreferrer\">online<\/a> (1 July 2020)<\/p>\n<p><a href=\"https:\/\/www2.iniis-neu.uni-bremen.de\/uploads\/Veranstaltungsplakate\/Plakat_WildeTheorie_20200114.pdf\" target=\"_blank\" rel=\"noopener noreferrer\">Rethinking Violence. Theorising Knowledge and Power in Colonial Modernity<\/a>, lecture [in German], Institute for Intercultural and International Studies, University of Bremen (14 January 2020)<\/p>\n<p><strong>2019<\/strong><\/p>\n<p>Knowledge &lt;&#8211;&gt; Violence. Basic Research for Political Science, Habilitation Colloquium, Department of Political Science, University of Vienna (27 November 2019)<\/p>\n<p>Galtung &amp; Bourdieu meet Butler &amp; Spivak. Co-Conceptualising Structural, Cultural, Symbolic, Normative and Epistemic Violence, panel presentation, <a href=\"https:\/\/millenniumjournal.org\/conference\/\" target=\"_blank\" rel=\"noopener noreferrer\">Millennium Conference 2019<\/a>: Extraction, Expropriation, Erasure? Knowledge Production in International Relations, London School of Economics (19 October 2019)<\/p>\n<p><a href=\"http:\/\/epistemicviolence.aau.at\/wp-content\/uploads\/2019\/10\/kurzversion-beitrag-brunner-gandhi-symposium-2019.pdf\" target=\"_blank\" rel=\"noopener noreferrer\">On Wrestling with the Utopia<\/a>. Knowledge and (Freedom from) Violence in the Colonial Modernity, lecture [in German], <a href=\"http:\/\/gandhi-symposium-2019.blogspot.com\/\" target=\"_blank\" rel=\"noopener noreferrer\">Gandhi-Symposium on Active Non-Violence<\/a>, Linz (28 September 2019)<\/p>\n<p>A Glossary of a Post- and De-Colonial Criticism of Science, lecture [in German] as part of the lecture series \u2018Inter- and Transdisciplinary Science: Foundations and Practice\u2019, Institute for Social Ecology, University of National Resources and Life Sciences, Vienna (13 June 2019)<\/p>\n<p>Beyond Spivak. Feminist Conceptions of Epistemic Violence, lecture [in German] within the framework of the Introductory Course on Gender Studies, University of Vienna (29 May 2019)<\/p>\n<p>Rethinking Violence from Modernity\u2019s Epistemic Territory, <a href=\"http:\/\/epistemicviolence.aau.at\/wp-content\/uploads\/2019\/04\/poster_vortrag_halifax_0419.jpg\" data-lightbox=\"gal[569]\" target=\"_blank\" rel=\"noopener noreferrer\">lecture<\/a> given [in English] at <a href=\"https:\/\/www.msvu.ca\/en\/home\/research\/chairs\/centresandinstitutes\/sicema\/default.aspx\" target=\"_blank\" rel=\"noopener noreferrer\">Mount Saint Vincent University<\/a>, Halifax, Canada (15 April 2019)<\/p>\n<p>Auto-Ethnographic Notes on the Symbolic and Epistemic Violence of Becoming a Proper Academic, panel contribution [in English] at the International Studies Association <a href=\"https:\/\/www.isanet.org\/Conferences\/Toronto-2019\" target=\"_blank\" rel=\"noopener noreferrer\">Annual Convention<\/a>, Toronto (29 March 2019)<\/p>\n<p>Epistemic Violence Reconsidered. Spivak Meets Galtung, Bourdieu and Butler, panel contribution [in English] at the International Studies Association <a href=\"https:\/\/www.isanet.org\/Conferences\/Toronto-2019\" target=\"_blank\" rel=\"noopener noreferrer\">Annual Convention<\/a>, Toronto (28 March 2019)<\/p>\n<p>From Here to There and Back Again: The Coloniality of Power, Knowledge and Being, statement [in German] at the <a href=\"https:\/\/afk-web.de\/cms\/wp-content\/uploads\/2019\/03\/05.03.2019-Programm.pdf\" target=\"_blank\" rel=\"noopener noreferrer\">Annual Conference<\/a> of the German Association for Peace and Conflict Studies, Erfurt (9 March 2019)<\/p>\n<p>Tracing Epistemic Violence in the Works of Galtung, Bourdieu and Butler. A Eurocentric Critical Discussion of Broad Terms of Violence, panel contribution [in German] at the <a href=\"https:\/\/afk-web.de\/cms\/wp-content\/uploads\/2019\/03\/05.03.2019-Programm.pdf\" target=\"_blank\" rel=\"noopener noreferrer\">Annual Conference<\/a> of the German Association for Peace and Conflict Studies, Erfurt (8 March 2019)<\/p>\n<p>Epistemic Violence, statement [in German] at the theory workshop of the German Association for Peace and Conflict Studies&#8217; Working Group on Theory, D\u00fcsseldorf (1 February 2019)<\/p>\n<p>Epistemic Violence. Knowledge and Rule in Colonial Modernity, lecture [in German] at the Deparment of Political Science, University of Vienna (23 January 2019)<\/p>\n<p><strong>2018<\/strong><\/p>\n<p>Peace Research in Colonial Modernity, statement [in German] at the meeting of the &#8216;Peace Research in Austria&#8217;-Network, Austrian Study Centre for Peace and Conflict Resolution, Stadtschlaining (15 December 2018)<\/p>\n<p>What Does a Peace Researcher Do? Interview with Melanie Hussak, <a href=\"http:\/\/friedensakademie-blog.eu\/\" target=\"_blank\" rel=\"noopener noreferrer\">Friedensakademie Rheinland-Pfalz<\/a>, Landau (29. November 2018)<\/p>\n<p><a href=\"https:\/\/www.youtube.com\/watch?v=Jidf4p2bq9A&amp;t=3s\" target=\"_blank\" rel=\"noopener noreferrer\">(Freedom from) Violence and Knowledge\/Science. Challenges for Peace Education and Research in Colonial Modernity<\/a> [in German], <a href=\"https:\/\/www.uni-koblenz-landau.de\/de\/friedensakademie\/termine\/LPL-Brunner\/\" target=\"_blank\" rel=\"noopener noreferrer\">Landau Peace Lectures<\/a>, University of Koblenz-Landau (28 November 2018)<\/p>\n<p>Epistemic Violence. A Challenging Concept for IR-Related Fields, lecture given [in English] at <a href=\"http:\/\/www.eisa-net.org\/eisa-net.org\/sitecore\/content\/be-bruga\/eisa\/events\/ewis.html\" target=\"_blank\" rel=\"noopener noreferrer\">5<sup>th<\/sup> European Workshops in International Relations (EWIS)<\/a>\u201a European International Studies Association (EISA), University of Groningen (7 June 2018)<\/p>\n<p>A Glossary of a Post- and Decolonial Criticism of Science, lecture given [in German] as part of the lecture series &#8216;Inter- and Transdisciplinary Science: Foundations and Practice&#8217;, Institute for Social Ecology, University of National Resources and Life Sciences, Vienna (24 May 2018)<\/p>\n<p>Peace and Conflict Research Today, statement delivered [in German] at the <a href=\"https:\/\/afk-web.de\/cms\/afk-kolloquien\/\" target=\"_blank\" rel=\"noopener noreferrer\">Annual Conference of the German Association for Peace and Conflict Studies (AFK)<\/a>, Berlin (14 April 2018)<\/p>\n<p>Attention: Tolerance!, lecture given [in German] within the framework of the Forum &#8216;Acceptance in the Extreme&#8217; at the <a href=\"http:\/\/epistemicviolence.aau.at\/wp-content\/uploads\/2017\/12\/programm_11-armutskonferenz_achtung-2018.pdf\" target=\"_blank\" rel=\"noopener noreferrer\">11th Conference of the Austrian Network Against Poverty and Social Exclusion<\/a>, Salzburg (6 March 2018)<\/p>\n<p>Johan Galtung Meets Gayatri Spivak: Structural, Cultural, and Epistemic Violence, lecture given [in German] at the conference &#8216;Structural Violence. The Blind Spot of a Future Sociology of Violence?\u2018, University of Oldenburg (12 January 2018)<\/p>\n<p><strong>2017<\/strong><\/p>\n<p>Squaring the Circle. Challenges for Peace Education and Research under Conditions of (Not Only) Epistemic Violence, lecture given [in German] at the <a href=\"http:\/\/www.ifeb.uni-klu.ac.at\/uploads\/media\/Einladung_IfEB_Forschungstag.pdf\" target=\"_blank\" rel=\"noopener noreferrer\">research day<\/a> of the Institute for Pedagogy and Educational Research, University of Klagenfurt (24 November 2017)<\/p>\n<p>Epistemic Violence. What It Is, How It Functions, and Why We Should Know About It. Thoughts on Queer, Feminist and Anti-Militaristic Politics, lecture (and workshop held [in German], jointly with Thomas Mickan) as part of the series <a href=\"http:\/\/www.queer-institut.de\/epistemische-gewalt\/\" target=\"_blank\" rel=\"noopener noreferrer\">&#8216;When Does it Become Violence?&#8217;<\/a> of the Institute for Queer Theory, Berlin (16 November 2017)<\/p>\n<p>Battle of the Sexes for the Occident? Entanglements of Sexism and Racism, lecture and workshop [in German], <a href=\"https:\/\/www.frauenservice.at\/bildung\/programm-gender\/geschlechterkampf-ums-abendland\" target=\"_blank\" rel=\"noopener noreferrer\">Women\u2019s Service Graz<\/a> (25 October 2017)<\/p>\n<p>Battleground Gender. (Anti-)Feminist Debates as a Signature of Coloniality, lecture given [in German] as part of the lecture series &#8216;Gender on the Way to New Unambiguity?&#8217; at the Institute for Social Sciences, University of Augsburg (26 July 2017)<\/p>\n<p>A Glossary of a Decolonial Critique of Europe, lecture given [in German] at the <a href=\"http:\/\/www.aspr.friedensburg.at\/konferenzen-und-veranstaltungen\/internationale-sommerakademie\/\" target=\"_blank\" rel=\"noopener noreferrer\">summer academy<\/a> &#8216;A World in Upheaval. Perspectives for a European Peace Policy&#8217;, Austrian Study Centre for Peace and Conflict Resolution (ASPR), Stadtschlaining (10 July 2017)<\/p>\n<p>Expanding the Combat Zone. Sex-Gender-Culture Talk and Cognitive Militarization Today, panel contribution [in English] at the <a href=\"http:\/\/www.ecpg.eu\/about-unil--lausanne.html\" target=\"_blank\" rel=\"noopener noreferrer\">European Conference on Politics and Gender<\/a>, Lausanne (June 2017)<\/p>\n<p>Disciplinarity and Epistemic Violence. Post- and Decolonial Criticism of Science, lecture given [in German] as part of the lecture series &#8216;Inter- and Transdisciplinary Science: Foundations and Practice&#8217;, IFF Vienna Office (18 May 2017)<\/p>\n<p>Epistemic Violence as a Challenge to the Claim of Non-Violence in Peace Studies, panel contribution [in English] at the <a href=\"https:\/\/afk-web.de\/cms\/wp-content\/uploads\/2018\/03\/AFK-EuPRA_2017_Program-7.pdf\" target=\"_blank\" rel=\"noopener noreferrer\">Annual Conference of the European Peace Research Association<\/a>, Schwerte (17 March 2017)<\/p>\n<p>Coloniality and Decolonization, lecture given [in German] as part of the lecture series &#8216;Coloniality under De_Construction&#8217; at the Department of Development Studies of the University of Vienna (9 March 2017)<\/p>\n<p><strong>2016<\/strong><\/p>\n<p>Epistemic Violence \u2013 Problem and Tool of Peace and Conflict Research, statement given [in German] at the workshop &#8216;Peace Research and Decoloniality&#8217;, Alps-Adriatic University Klagenfurt, IFF Vienna Office (7 December 2016)<\/p>\n<p>On Speaking and Remaining Silent in the Coloniality of Knowledge, lecture given [in German] at the symposium &#8216;Language and Power&#8217; organized by the <a href=\"http:\/\/penclub.at\/termine\/\" target=\"_blank\" rel=\"noopener noreferrer\">Pen Club Austria<\/a>, Presseclub Concordia, Vienna (24 November 2016)<\/p>\n<p>What is Epistemic Violence and Why We Should Know about It?, lecture given [in German] at the research colloquium &#8216;Sociology of Knowledge Approach to Discourse Analysis&#8217;, Chair Prof. Reiner Keller, University of Augsburg (14 November 2016)<\/p>\n<p>The Concept of Epistemic Violence as an Element of a Transdisciplinary Peace and Conflict Theory, contribution [in German] at the the research colloquium &#8216;Peace and Conflict Research&#8217;, Chair Prof. Christoph Weller, University of Augsburg (8 November 2016)<\/p>\n<p>Against the Militarization of Thinking, panel contribution [in German] at the <a href=\"http:\/\/zwanzigtausendfrauen.at\/2016\/03\/2-feministische-tischgesellschaft\/\" target=\"_blank\" rel=\"noopener noreferrer\">2<sup>nd<\/sup> Feminist Round Table<\/a>, Vienna (4 June 2016)<\/p>\n<p>Toleranzig?, lecture given [in German] at the <a href=\"https:\/\/www.justiz.gv.at\/web2013\/home\/presse\/pressemitteilungen\/pressemitteilungen_2016\/richterinnenwoche_2016__recht_tolerant~2c94848a542b5c160154a5723e3f231b.de.html\" target=\"_blank\" rel=\"noopener noreferrer\">Annual Conference of Austrian Judges<\/a>, Tr\u00f6polach (31 May 2016)<\/p>\n<p>Gender and Political Violence in Discourse, contribution [in German] to the panel <a href=\"http:\/\/noso.at\/?p=4675\" target=\"_blank\" rel=\"noopener noreferrer\">&#8216;Discussing Terrorisms&#8217;<\/a>, Vienna (13 April 2016)<\/p>\n<p>Why Peace Studies Need a Better Understanding of Epistemic Violence, presentation given [in English] at the <a href=\"https:\/\/cpdbisa.wordpress.com\/events\/2016-2\/exploring-epistemic-violence-workshop-february-2016\/\" target=\"_blank\" rel=\"noopener noreferrer\">Workshop &#8216;Exploring Epistemic Violence&#8217;<\/a>, Queen Mary University of London (22 February 2016)<\/p>\n<p>Towards a Concept of Epistemic Violence, presentation given [in English] at Work in Progress Theory Seminar, Queen Mary University of London (10 February 2016)<\/p>\n<p><strong>2015<\/strong><\/p>\n<p><a href=\"http:\/\/www.wueste-welle.de\/redaktion\/view\/id\/25\/tab\/weblog\/article\/47016\/IMI-Kongress_2015_%3A%3A_Wissenschaft_und_kognitive_Militarisierung.html\" target=\"_blank\" rel=\"noopener noreferrer\">Accomplices of Conflict? Science and Cognitive Militarization<\/a>, lecture given [in German] at the Annual Conference of the Information Point Militarization, T\u00fcbingen (14 November 2015)<\/p>\n<p>Epistemic Violence and\/in Peace Studies, lecture given [in English] at the 9<sup>th<\/sup> Pan-European Conference on International Relations, Giardini Naxos\/Sicily (25 September 2015)<\/p>\n<p>Understanding Global Inequalities by Investigating Epistemic Violence, lecture given [in English] at the 40<sup>th<\/sup> Anniversary Conference, British International Studies Association (BISA), London (19 June 2015)<\/p>\n<p>Tolerance as a Privilege of Power, panel contribution [in German] at the <a href=\"http:\/\/fresach.awm.at\/2015\/modernitaet-menschenrechte-islam.html\" target=\"_blank\" rel=\"noopener noreferrer\">First European Talks on Tolerance<\/a>, Fresach (21 May 2015)<\/p>\n<p>Thinking Further on Violence, lecture given [in German] as part of lecture series <a href=\"http:\/\/subversionandpoliticaldifference.com\/programm\/\" target=\"_blank\" rel=\"noopener noreferrer\">&#8216;Subversion and Political Difference&#8217;<\/a>, Humboldt-Universit\u00e4t zu Berlin (2 February 2015)<\/p>\n<p><strong><a href=\"https:\/\/campus.aau.at\/cris\/search\/index?category=lectures&amp;persidf=22410816_employee&amp;lang=en&amp;clear=true\" target=\"_blank\" rel=\"noopener noreferrer\">For a complete list of presentations and lectures held since 2010<\/a>, visit the Research Information System of the Alps-Adriatic University Klagenfurt<\/strong><\/p>\n<p><strong><span class=\"collapseomatic noarrow\" id=\"id69f71cadbe293\"  tabindex=\"0\" title=\"Presentations and Lectures before 2010\"    >Presentations and Lectures before 2010<\/span><div id=\"target-id69f71cadbe293\" class=\"collapseomatic_content \"><\/strong><\/p>\n<p>Failed Feminism \u2013 Embedded Feminism. When Terrorism Studies Convert to Feminism, lecture held [in German] at the conference \u201aNo Playing around with Freedom\u2018, Austrian Feminist Scholars Association, Depot, Vienna (November 2009)<\/p>\n<p>Knowing Terrorism. When Terrorism Studies Convert to Feminism, lecture held [in German] at the conference \u2018What is the Gender of Terrorism?\u2019, Gunda Werner Institute, Heinrich B\u00f6ll Foundation, Berlin (October 2009)<\/p>\n<p>Female Suicide Bombers \u2013 an Object of Knowledge of Terrorism Research between Political and Epistemic Violence, lecture held [in German] at the Institute for Peace Research and Security Policy (IFSH) at the University of Hamburg (June 2009)<\/p>\n<p>Female Suicide Bombers \u2013 an Object of Knowledge of Terrorism Research between Political and Epistemic Violence, lecture held [in German] at the Austrian Women\u2019s Circle, Bruno Kreisky Forum for International Dialogue, Vienna (February 2009)<\/p>\n<p>Suicide Bombing as a Formula of Meaning. Epistemic Violence and Occidentalist Self-Ascertainment in Terrorism Research, lecture held [in German] at the Department for Sociology, University of Munich (January 2009)<\/p>\n<p>Paths towards Knowledge. Epistemic Violence in the Methodologies of Terrorism Research. The Example of Suicide Terrorism as an Object of Knowledge, lecture held [in German] in the Sociology of Knowledge Discourse Analysis Network, University of Munich (November 2008)<\/p>\n<p>Suicide Bombing as a Formula of Meaning. Epistemic Violence and Occidentalist Self-Ascertainment in Terrorism Research, lecture held [in German] at the Institute for Postcolonial and Transcultural Studies, University of Bremen (November 2008)<\/p>\n<p>UnderCover. Book Covers as a Material of Visual Discourse Analysis on the (In)Visibilities of Terrorism Knowledge, lecture held [in German] in the Sociology of Knowledge Discourse Analysis Network, University of Landau (April 2008)<\/p>\n<p>Consternation, Politicization, Co-Optation. Embedded Feminism by the Example of Knowlede Production about Female Genital Cutting and Suicide Terrorism, lecture given (jointly with Daniela Hrz\u00e1n [in German]) as part of the lecture series \u2018Gender as a Knowledge Category\u2019, Humboldt-Universit\u00e4t zu Berlin (January 2018)<\/p>\n<\/div>\n","protected":false},"excerpt":{"rendered":"<p>Presentations and lectures held within the framework of the project Theorizing Epistemic Violence since 2015 2023 Feminist Concepts of Epistemic (and other) Violence, talk in the inter-disciplinary and inter-universitary online lecture series Power, Violence and the Sciences\/Academia\u2018 (23 November 2023) Why We Shall Talk, Think and Feel War. Epistemic Violence as a Mode of Rule [&hellip;]<\/p>\n","protected":false},"author":1,"featured_media":0,"parent":0,"menu_order":0,"comment_status":"closed","ping_status":"closed","template":"","meta":[],"aioseo_notices":[],"_links":{"self":[{"href":"https:\/\/epistemicviolence.aau.at\/index.php\/wp-json\/wp\/v2\/pages\/569"}],"collection":[{"href":"https:\/\/epistemicviolence.aau.at\/index.php\/wp-json\/wp\/v2\/pages"}],"about":[{"href":"https:\/\/epistemicviolence.aau.at\/index.php\/wp-json\/wp\/v2\/types\/page"}],"author":[{"embeddable":true,"href":"https:\/\/epistemicviolence.aau.at\/index.php\/wp-json\/wp\/v2\/users\/1"}],"replies":[{"embeddable":true,"href":"https:\/\/epistemicviolence.aau.at\/index.php\/wp-json\/wp\/v2\/comments?post=569"}],"version-history":[{"count":60,"href":"https:\/\/epistemicviolence.aau.at\/index.php\/wp-json\/wp\/v2\/pages\/569\/revisions"}],"predecessor-version":[{"id":1105,"href":"https:\/\/epistemicviolence.aau.at\/index.php\/wp-json\/wp\/v2\/pages\/569\/revisions\/1105"}],"wp:attachment":[{"href":"https:\/\/epistemicviolence.aau.at\/index.php\/wp-json\/wp\/v2\/media?parent=569"}],"curies":[{"name":"wp","href":"https:\/\/api.w.org\/{rel}","templated":true}]}}